{"id":100,"date":"2025-04-15T20:52:51","date_gmt":"2025-04-15T18:52:51","guid":{"rendered":"https:\/\/somumsessions.fr\/?page_id=100"},"modified":"2026-01-18T15:17:08","modified_gmt":"2026-01-18T14:17:08","slug":"insertion-monoparentalite-2","status":"publish","type":"page","link":"https:\/\/somumsessions.fr\/?page_id=100","title":{"rendered":"L&rsquo;\u00e9quipe Somum Sessions"},"content":{"rendered":"\n<div class=\"wp-block-columns is-layout-flex wp-container-core-columns-is-layout-28f84493 wp-block-columns-is-layout-flex\">\n<div class=\"wp-block-column is-layout-flow wp-block-column-is-layout-flow\">\n<p><strong>\ud83d\udcac Mot de la fondatrice b\u00e9n\u00e9vole : Audrey !<\/strong><\/p>\n\n\n\n<p>\u00ab\u00a0Je suis Audrey Ursulet fondatrice b\u00e9n\u00e9vole, de l&rsquo;Association Somum Sessions, n\u00e9e d\u2019un bouleversement personnel : <strong>celui de devenir maman solo.<\/strong><\/p>\n\n\n\n<p><strong>\u00catre m\u00e8re isol\u00e9e n\u2019a pas \u00e9t\u00e9 un choix, mais c\u2019est devenu une force<\/strong>. J\u2019ai d\u00fb apprendre \u00e0 tout g\u00e9rer seule : ma fille, mon emploi \u00e0 l&rsquo;\u00e9poque dans l&rsquo;\u00e9v\u00e8nementiel, le quotidien, les d\u00e9marches, le mental&#8230; Ce que j\u2019ai d\u00e9couvert ? Qu\u2019on ne manque pas de courage, mais de r\u00e9seau, de reconnaissance, de soutien. Et surtout, de structures pens\u00e9es pour notre r\u00e9alit\u00e9.<\/p>\n\n\n\n<p>C\u2019est en traversant cette \u00e9preuve que j\u2019ai pris conscience d\u2019une chose essentielle : <strong>trouver l\u2019activit\u00e9 professionnelle qui correspond \u00e0 mon statut de famille monoparentale.<\/strong><\/p>\n\n\n\n<p>C\u2019est pourquoi j\u2019ai imagin\u00e9&nbsp;<strong>Somum Sessions<\/strong>&nbsp;: un espace d&rsquo;entraide, de progression, d\u2019\u00e9lan collectif. Une association lyonnaise tourn\u00e9e vers l\u2019<strong>insertion par l&rsquo;Emploi<\/strong>, pour que chaque m\u00e8re isol\u00e9e retrouve sa place professionnelle, sa dignit\u00e9 et son pouvoir d\u2019agir\u00a0\u00bb.<\/p>\n<\/div>\n\n\n\n<div class=\"wp-block-column is-layout-flow wp-block-column-is-layout-flow\">\n<figure class=\"wp-block-image size-full\"><img loading=\"lazy\" decoding=\"async\" width=\"500\" height=\"500\" src=\"http:\/\/somumsessions.fr\/wp-content\/uploads\/2025\/04\/Design-sans-titre-8.png\" alt=\"\" class=\"wp-image-117\" srcset=\"https:\/\/somumsessions.fr\/wp-content\/uploads\/2025\/04\/Design-sans-titre-8.png 500w, https:\/\/somumsessions.fr\/wp-content\/uploads\/2025\/04\/Design-sans-titre-8-300x300.png 300w, https:\/\/somumsessions.fr\/wp-content\/uploads\/2025\/04\/Design-sans-titre-8-150x150.png 150w\" sizes=\"auto, (max-width: 500px) 100vw, 500px\" \/><\/figure>\n<\/div>\n<\/div>\n\n\n\n<div class=\"wp-block-columns is-layout-flex wp-container-core-columns-is-layout-28f84493 wp-block-columns-is-layout-flex\">\n<div class=\"wp-block-column is-layout-flow wp-block-column-is-layout-flow\">\n<figure class=\"wp-block-image size-full\"><img loading=\"lazy\" decoding=\"async\" width=\"500\" height=\"500\" src=\"http:\/\/somumsessions.fr\/wp-content\/uploads\/2026\/01\/En-France-2-millions-de-familles-sont-monoparentales-soit-1-famille-sur-4.-3.png\" alt=\"\" class=\"wp-image-393\" srcset=\"https:\/\/somumsessions.fr\/wp-content\/uploads\/2026\/01\/En-France-2-millions-de-familles-sont-monoparentales-soit-1-famille-sur-4.-3.png 500w, https:\/\/somumsessions.fr\/wp-content\/uploads\/2026\/01\/En-France-2-millions-de-familles-sont-monoparentales-soit-1-famille-sur-4.-3-300x300.png 300w, https:\/\/somumsessions.fr\/wp-content\/uploads\/2026\/01\/En-France-2-millions-de-familles-sont-monoparentales-soit-1-famille-sur-4.-3-150x150.png 150w\" sizes=\"auto, (max-width: 500px) 100vw, 500px\" \/><\/figure>\n<\/div>\n\n\n\n<div class=\"wp-block-column is-layout-flow wp-block-column-is-layout-flow\">\n<p><strong><strong>\ud83d\udcac<\/strong><\/strong> <strong>Mot de la cofondatrice b\u00e9n\u00e9vole : Georgina !<\/strong><\/p>\n\n\n\n<p>Je suis Georgina et je suis ravie de me joindre \u00e0 cette belle aventure initi\u00e9e par Audrey.&nbsp;<\/p>\n\n\n\n<p><br>En tant que maman solo, j\u2019ai fait face \u00e0 de nombreux d\u00e9fis, souvent jug\u00e9e par celles et ceux qui ne pouvaient pas saisir l\u2019intensit\u00e9 de mon quotidien. Cependant, ces \u00e9preuves ne m\u2019ont pas emp\u00each\u00e9e de poursuivre mes \u00e9tudes \u00e0 deux reprises, me permettant ainsi de travailler aujourd\u2019hui aupr\u00e8s des enfants les plus vuln\u00e9rables.<\/p>\n\n\n\n<p>Pour moi, SoMum Sessions repr\u00e9sente bien plus qu\u2019un simple projet. C\u2019est un v\u00e9ritable tremplin, un espace de soutien et un lieu d\u2019\u00e9changes d\u2019exp\u00e9riences. <\/p>\n\n\n\n<p>Ensemble, nous avons l\u2019opportunit\u00e9 de valoriser nos parcours uniques et de mettre en avant nos ressources. Je suis impatiente de partager ce chemin avec chacune d\u2019entre vous !<\/p>\n<\/div>\n<\/div>\n\n\n\n<h2 class=\"wp-block-heading has-text-align-center\">Nous te souhaitons la bienvenue !<\/h2>\n\n\n\n<p class=\"has-text-align-center\">Tu es peut-\u00eatre <strong>salari\u00e9e<\/strong>, <strong>chercheuse d\u2019emploi, en reconversion ou tu as envie de cr\u00e9er <\/strong>ton propre poste (association ou cr\u00e9ation d&rsquo;entreprise). Peu importe ton point de d\u00e9part : tu n\u2019es pas seule. Tu as des <strong>comp\u00e9tences<\/strong>, une <strong>r\u00e9silience<\/strong> immense et une <strong>capacit\u00e9 \u00e0 rebondir<\/strong> que cette soci\u00e9t\u00e9 sous-estime trop souvent.<\/p>\n\n\n\n<p class=\"has-text-align-center\">Aujourd\u2019hui, avec des partenaires engag\u00e9s et solidaires, nous souhaitons transformer nos d\u00e9fis en ressources partag\u00e9es. Faire entendre nos voix. Cr\u00e9er un r\u00e9seau. Et pourquoi pas, poser les premi\u00e8res pierres d\u2019un tiers-lieu d\u00e9di\u00e9. Et ouvrir, surtout, des possibles.<\/p>\n\n\n\n<p class=\"has-text-align-center\">Bienvenue super h\u00e9ro\u00efnes du quotidien, dans cette aventure collective.<br>Bienvenue chez&nbsp;<strong>Somum Sessions<\/strong>.<\/p>\n\n\n\n<p><a href=\"https:\/\/somumsessions.fr\/?page_id=32\">L\u2019actualit\u00e9 Somum Sessions ?.<\/a> <\/p>\n\n\n\n<p><a href=\"https:\/\/www.linkedin.com\/company\/somumsession\">Nous sommes aussi pr\u00e9sentes sur Linkedin.<\/a><\/p>\n\n\n\n<p>\ud83d\udc49\u00a0<a href=\"#\">Adh\u00e9rer d\u00e8s maintenant sur <\/a>: <a href=\"https:\/\/www.helloasso.com\/associations\/somum-sessions\/adhesions\/adhesion-2026-somum-sessions\" target=\"_blank\" rel=\"noreferrer noopener\">c&rsquo;est ici !<\/a><\/p>\n","protected":false},"excerpt":{"rendered":"<p>\ud83d\udcac Mot de la fondatrice b\u00e9n\u00e9vole : Audrey ! \u00ab\u00a0Je suis Audrey Ursulet fondatrice b\u00e9n\u00e9vole, de l&rsquo;Association Somum Sessions, n\u00e9e [&hellip;]<\/p>\n","protected":false},"author":1,"featured_media":0,"parent":0,"menu_order":0,"comment_status":"closed","ping_status":"closed","template":"","meta":{"site-sidebar-layout":"default","site-content-layout":"","ast-site-content-layout":"default","site-content-style":"default","site-sidebar-style":"default","ast-global-header-display":"","ast-banner-title-visibility":"","ast-main-header-display":"","ast-hfb-above-header-display":"","ast-hfb-below-header-display":"","ast-hfb-mobile-header-display":"","site-post-title":"","ast-breadcrumbs-content":"","ast-featured-img":"","footer-sml-layout":"","ast-disable-related-posts":"","theme-transparent-header-meta":"","adv-header-id-meta":"","stick-header-meta":"","header-above-stick-meta":"","header-main-stick-meta":"","header-below-stick-meta":"","astra-migrate-meta-layouts":"default","ast-page-background-enabled":"default","ast-page-background-meta":{"desktop":{"background-color":"var(--ast-global-color-5)","background-image":"","background-repeat":"repeat","background-position":"center center","background-size":"auto","background-attachment":"scroll","background-type":"","background-media":"","overlay-type":"","overlay-color":"","overlay-opacity":"","overlay-gradient":""},"tablet":{"background-color":"","background-image":"","background-repeat":"repeat","background-position":"center center","background-size":"auto","background-attachment":"scroll","background-type":"","background-media":"","overlay-type":"","overlay-color":"","overlay-opacity":"","overlay-gradient":""},"mobile":{"background-color":"","background-image":"","background-repeat":"repeat","background-position":"center center","background-size":"auto","background-attachment":"scroll","background-type":"","background-media":"","overlay-type":"","overlay-color":"","overlay-opacity":"","overlay-gradient":""}},"ast-content-background-meta":{"desktop":{"background-color":"var(--ast-global-color-4)","background-image":"","background-repeat":"repeat","background-position":"center center","background-size":"auto","background-attachment":"scroll","background-type":"","background-media":"","overlay-type":"","overlay-color":"","overlay-opacity":"","overlay-gradient":""},"tablet":{"background-color":"var(--ast-global-color-4)","background-image":"","background-repeat":"repeat","background-position":"center center","background-size":"auto","background-attachment":"scroll","background-type":"","background-media":"","overlay-type":"","overlay-color":"","overlay-opacity":"","overlay-gradient":""},"mobile":{"background-color":"var(--ast-global-color-4)","background-image":"","background-repeat":"repeat","background-position":"center center","background-size":"auto","background-attachment":"scroll","background-type":"","background-media":"","overlay-type":"","overlay-color":"","overlay-opacity":"","overlay-gradient":""}},"footnotes":""},"class_list":["post-100","page","type-page","status-publish","hentry"],"yoast_head":"<!-- This site is optimized with the Yoast SEO plugin v27.5 - https:\/\/yoast.com\/product\/yoast-seo-wordpress\/ -->\n<title>Insertion professionnelle - M\u00e8res isol\u00e9es \u2013 Somum Sessions<\/title>\n<meta name=\"description\" content=\"Association d\u00e9di\u00e9e \u00e0 l&#039;insertion professionnelle des m\u00e8res isol\u00e9es : emploi, formation, reconversion, entrepreunariat et confiance en soi...\" \/>\n<meta name=\"robots\" content=\"index, follow, max-snippet:-1, max-image-preview:large, max-video-preview:-1\" \/>\n<link rel=\"canonical\" href=\"https:\/\/somumsessions.fr\/?page_id=100\" \/>\n<meta property=\"og:locale\" content=\"fr_FR\" \/>\n<meta property=\"og:type\" content=\"article\" \/>\n<meta property=\"og:title\" content=\"Insertion professionnelle - M\u00e8res isol\u00e9es \u2013 Somum Sessions\" \/>\n<meta property=\"og:description\" content=\"Association d\u00e9di\u00e9e \u00e0 l&#039;insertion professionnelle des m\u00e8res isol\u00e9es : emploi, formation, reconversion, entrepreunariat et confiance en soi...\" \/>\n<meta property=\"og:url\" content=\"https:\/\/somumsessions.fr\/?page_id=100\" \/>\n<meta property=\"article:modified_time\" content=\"2026-01-18T14:17:08+00:00\" \/>\n<meta property=\"og:image\" content=\"https:\/\/somumsessions.fr\/wp-content\/uploads\/2025\/04\/Design-sans-titre-8.png\" \/>\n\t<meta property=\"og:image:width\" content=\"500\" \/>\n\t<meta property=\"og:image:height\" content=\"500\" \/>\n\t<meta property=\"og:image:type\" content=\"image\/png\" \/>\n<meta name=\"twitter:card\" content=\"summary_large_image\" \/>\n<meta name=\"twitter:label1\" content=\"Dur\u00e9e de lecture estim\u00e9e\" \/>\n\t<meta name=\"twitter:data1\" content=\"3 minutes\" \/>\n<script type=\"application\/ld+json\" class=\"yoast-schema-graph\">{\"@context\":\"https:\\\/\\\/schema.org\",\"@graph\":[{\"@type\":\"WebPage\",\"@id\":\"https:\\\/\\\/somumsessions.fr\\\/?page_id=100\",\"url\":\"https:\\\/\\\/somumsessions.fr\\\/?page_id=100\",\"name\":\"Insertion professionnelle - M\u00e8res isol\u00e9es \u2013 Somum Sessions\",\"isPartOf\":{\"@id\":\"https:\\\/\\\/somumsessions.fr\\\/#website\"},\"primaryImageOfPage\":{\"@id\":\"https:\\\/\\\/somumsessions.fr\\\/?page_id=100#primaryimage\"},\"image\":{\"@id\":\"https:\\\/\\\/somumsessions.fr\\\/?page_id=100#primaryimage\"},\"thumbnailUrl\":\"http:\\\/\\\/somumsessions.fr\\\/wp-content\\\/uploads\\\/2025\\\/04\\\/Design-sans-titre-8.png\",\"datePublished\":\"2025-04-15T18:52:51+00:00\",\"dateModified\":\"2026-01-18T14:17:08+00:00\",\"description\":\"Association d\u00e9di\u00e9e \u00e0 l'insertion professionnelle des m\u00e8res isol\u00e9es : emploi, formation, reconversion, entrepreunariat et confiance en soi...\",\"breadcrumb\":{\"@id\":\"https:\\\/\\\/somumsessions.fr\\\/?page_id=100#breadcrumb\"},\"inLanguage\":\"fr-FR\",\"potentialAction\":[{\"@type\":\"ReadAction\",\"target\":[\"https:\\\/\\\/somumsessions.fr\\\/?page_id=100\"]}]},{\"@type\":\"ImageObject\",\"inLanguage\":\"fr-FR\",\"@id\":\"https:\\\/\\\/somumsessions.fr\\\/?page_id=100#primaryimage\",\"url\":\"https:\\\/\\\/somumsessions.fr\\\/wp-content\\\/uploads\\\/2025\\\/04\\\/Design-sans-titre-8.png\",\"contentUrl\":\"https:\\\/\\\/somumsessions.fr\\\/wp-content\\\/uploads\\\/2025\\\/04\\\/Design-sans-titre-8.png\",\"width\":500,\"height\":500},{\"@type\":\"BreadcrumbList\",\"@id\":\"https:\\\/\\\/somumsessions.fr\\\/?page_id=100#breadcrumb\",\"itemListElement\":[{\"@type\":\"ListItem\",\"position\":1,\"name\":\"Accueil\",\"item\":\"https:\\\/\\\/somumsessions.fr\\\/\"},{\"@type\":\"ListItem\",\"position\":2,\"name\":\"L&rsquo;\u00e9quipe Somum Sessions\"}]},{\"@type\":\"WebSite\",\"@id\":\"https:\\\/\\\/somumsessions.fr\\\/#website\",\"url\":\"https:\\\/\\\/somumsessions.fr\\\/\",\"name\":\"Somum Sessions\",\"description\":\"L&#039;\u00e9quilibre des mamans solos, un coaching \u00e0 votre mesure.\",\"publisher\":{\"@id\":\"https:\\\/\\\/somumsessions.fr\\\/#organization\"},\"potentialAction\":[{\"@type\":\"SearchAction\",\"target\":{\"@type\":\"EntryPoint\",\"urlTemplate\":\"https:\\\/\\\/somumsessions.fr\\\/?s={search_term_string}\"},\"query-input\":{\"@type\":\"PropertyValueSpecification\",\"valueRequired\":true,\"valueName\":\"search_term_string\"}}],\"inLanguage\":\"fr-FR\"},{\"@type\":\"Organization\",\"@id\":\"https:\\\/\\\/somumsessions.fr\\\/#organization\",\"name\":\"Somum Sessions\",\"url\":\"https:\\\/\\\/somumsessions.fr\\\/\",\"logo\":{\"@type\":\"ImageObject\",\"inLanguage\":\"fr-FR\",\"@id\":\"https:\\\/\\\/somumsessions.fr\\\/#\\\/schema\\\/logo\\\/image\\\/\",\"url\":\"https:\\\/\\\/somumsessions.fr\\\/wp-content\\\/uploads\\\/2025\\\/04\\\/Logo-SoMum-Sessions-6.png\",\"contentUrl\":\"https:\\\/\\\/somumsessions.fr\\\/wp-content\\\/uploads\\\/2025\\\/04\\\/Logo-SoMum-Sessions-6.png\",\"width\":500,\"height\":500,\"caption\":\"Somum Sessions\"},\"image\":{\"@id\":\"https:\\\/\\\/somumsessions.fr\\\/#\\\/schema\\\/logo\\\/image\\\/\"}}]}<\/script>\n<!-- \/ Yoast SEO plugin. -->","yoast_head_json":{"title":"Insertion professionnelle - M\u00e8res isol\u00e9es \u2013 Somum Sessions","description":"Association d\u00e9di\u00e9e \u00e0 l'insertion professionnelle des m\u00e8res isol\u00e9es : emploi, formation, reconversion, entrepreunariat et confiance en soi...","robots":{"index":"index","follow":"follow","max-snippet":"max-snippet:-1","max-image-preview":"max-image-preview:large","max-video-preview":"max-video-preview:-1"},"canonical":"https:\/\/somumsessions.fr\/?page_id=100","og_locale":"fr_FR","og_type":"article","og_title":"Insertion professionnelle - M\u00e8res isol\u00e9es \u2013 Somum Sessions","og_description":"Association d\u00e9di\u00e9e \u00e0 l'insertion professionnelle des m\u00e8res isol\u00e9es : emploi, formation, reconversion, entrepreunariat et confiance en soi...","og_url":"https:\/\/somumsessions.fr\/?page_id=100","article_modified_time":"2026-01-18T14:17:08+00:00","og_image":[{"width":500,"height":500,"url":"https:\/\/somumsessions.fr\/wp-content\/uploads\/2025\/04\/Design-sans-titre-8.png","type":"image\/png"}],"twitter_card":"summary_large_image","twitter_misc":{"Dur\u00e9e de lecture estim\u00e9e":"3 minutes"},"schema":{"@context":"https:\/\/schema.org","@graph":[{"@type":"WebPage","@id":"https:\/\/somumsessions.fr\/?page_id=100","url":"https:\/\/somumsessions.fr\/?page_id=100","name":"Insertion professionnelle - M\u00e8res isol\u00e9es \u2013 Somum Sessions","isPartOf":{"@id":"https:\/\/somumsessions.fr\/#website"},"primaryImageOfPage":{"@id":"https:\/\/somumsessions.fr\/?page_id=100#primaryimage"},"image":{"@id":"https:\/\/somumsessions.fr\/?page_id=100#primaryimage"},"thumbnailUrl":"http:\/\/somumsessions.fr\/wp-content\/uploads\/2025\/04\/Design-sans-titre-8.png","datePublished":"2025-04-15T18:52:51+00:00","dateModified":"2026-01-18T14:17:08+00:00","description":"Association d\u00e9di\u00e9e \u00e0 l'insertion professionnelle des m\u00e8res isol\u00e9es : emploi, formation, reconversion, entrepreunariat et confiance en soi...","breadcrumb":{"@id":"https:\/\/somumsessions.fr\/?page_id=100#breadcrumb"},"inLanguage":"fr-FR","potentialAction":[{"@type":"ReadAction","target":["https:\/\/somumsessions.fr\/?page_id=100"]}]},{"@type":"ImageObject","inLanguage":"fr-FR","@id":"https:\/\/somumsessions.fr\/?page_id=100#primaryimage","url":"https:\/\/somumsessions.fr\/wp-content\/uploads\/2025\/04\/Design-sans-titre-8.png","contentUrl":"https:\/\/somumsessions.fr\/wp-content\/uploads\/2025\/04\/Design-sans-titre-8.png","width":500,"height":500},{"@type":"BreadcrumbList","@id":"https:\/\/somumsessions.fr\/?page_id=100#breadcrumb","itemListElement":[{"@type":"ListItem","position":1,"name":"Accueil","item":"https:\/\/somumsessions.fr\/"},{"@type":"ListItem","position":2,"name":"L&rsquo;\u00e9quipe Somum Sessions"}]},{"@type":"WebSite","@id":"https:\/\/somumsessions.fr\/#website","url":"https:\/\/somumsessions.fr\/","name":"Somum Sessions","description":"L&#039;\u00e9quilibre des mamans solos, un coaching \u00e0 votre mesure.","publisher":{"@id":"https:\/\/somumsessions.fr\/#organization"},"potentialAction":[{"@type":"SearchAction","target":{"@type":"EntryPoint","urlTemplate":"https:\/\/somumsessions.fr\/?s={search_term_string}"},"query-input":{"@type":"PropertyValueSpecification","valueRequired":true,"valueName":"search_term_string"}}],"inLanguage":"fr-FR"},{"@type":"Organization","@id":"https:\/\/somumsessions.fr\/#organization","name":"Somum Sessions","url":"https:\/\/somumsessions.fr\/","logo":{"@type":"ImageObject","inLanguage":"fr-FR","@id":"https:\/\/somumsessions.fr\/#\/schema\/logo\/image\/","url":"https:\/\/somumsessions.fr\/wp-content\/uploads\/2025\/04\/Logo-SoMum-Sessions-6.png","contentUrl":"https:\/\/somumsessions.fr\/wp-content\/uploads\/2025\/04\/Logo-SoMum-Sessions-6.png","width":500,"height":500,"caption":"Somum Sessions"},"image":{"@id":"https:\/\/somumsessions.fr\/#\/schema\/logo\/image\/"}}]}},"_links":{"self":[{"href":"https:\/\/somumsessions.fr\/index.php?rest_route=\/wp\/v2\/pages\/100","targetHints":{"allow":["GET"]}}],"collection":[{"href":"https:\/\/somumsessions.fr\/index.php?rest_route=\/wp\/v2\/pages"}],"about":[{"href":"https:\/\/somumsessions.fr\/index.php?rest_route=\/wp\/v2\/types\/page"}],"author":[{"embeddable":true,"href":"https:\/\/somumsessions.fr\/index.php?rest_route=\/wp\/v2\/users\/1"}],"replies":[{"embeddable":true,"href":"https:\/\/somumsessions.fr\/index.php?rest_route=%2Fwp%2Fv2%2Fcomments&post=100"}],"version-history":[{"count":31,"href":"https:\/\/somumsessions.fr\/index.php?rest_route=\/wp\/v2\/pages\/100\/revisions"}],"predecessor-version":[{"id":410,"href":"https:\/\/somumsessions.fr\/index.php?rest_route=\/wp\/v2\/pages\/100\/revisions\/410"}],"wp:attachment":[{"href":"https:\/\/somumsessions.fr\/index.php?rest_route=%2Fwp%2Fv2%2Fmedia&parent=100"}],"curies":[{"name":"wp","href":"https:\/\/api.w.org\/{rel}","templated":true}]}}